{"id":3431,"date":"2021-01-12T12:48:36","date_gmt":"2021-01-12T11:48:36","guid":{"rendered":"https:\/\/www.amis-pauljacquesbonzon.com\/apjb\/?page_id=3431"},"modified":"2024-07-02T15:12:57","modified_gmt":"2024-07-02T13:12:57","slug":"les-lecteurs-celebres","status":"publish","type":"page","link":"https:\/\/www.amis-pauljacquesbonzon.com\/apjb\/les-lecteurs-celebres\/","title":{"rendered":"Les lecteurs connus"},"content":{"rendered":"<p>[et_pb_section fb_built=&#8221;1&#8243; _builder_version=&#8221;4.16&#8243; _module_preset=&#8221;default&#8221; da_disable_devices=&#8221;off|off|off&#8221; global_colors_info=&#8221;{}&#8221; da_is_popup=&#8221;off&#8221; da_exit_intent=&#8221;off&#8221; da_has_close=&#8221;on&#8221; da_alt_close=&#8221;off&#8221; da_dark_close=&#8221;off&#8221; da_not_modal=&#8221;on&#8221; da_is_singular=&#8221;off&#8221; da_with_loader=&#8221;off&#8221; da_has_shadow=&#8221;on&#8221;][et_pb_row _builder_version=&#8221;4.16&#8243; _module_preset=&#8221;default&#8221; global_colors_info=&#8221;{}&#8221;][et_pb_column type=&#8221;4_4&#8243; _builder_version=&#8221;4.16&#8243; _module_preset=&#8221;default&#8221; global_colors_info=&#8221;{}&#8221;][et_pb_post_title comments=&#8221;off&#8221; featured_image=&#8221;off&#8221; _builder_version=&#8221;4.18.0&#8243; _module_preset=&#8221;default&#8221; global_colors_info=&#8221;{}&#8221;][\/et_pb_post_title][\/et_pb_column][\/et_pb_row][et_pb_row _builder_version=&#8221;4.16&#8243; _module_preset=&#8221;default&#8221; global_colors_info=&#8221;{}&#8221;][et_pb_column type=&#8221;4_4&#8243; _builder_version=&#8221;4.16&#8243; _module_preset=&#8221;default&#8221; global_colors_info=&#8221;{}&#8221;][et_pb_text _builder_version=&#8221;4.18.0&#8243; _module_preset=&#8221;default&#8221; global_colors_info=&#8221;{}&#8221;]<\/p>\n<h4>Pr\u00e9sentation des lecteurs connus qui, dans leur litt\u00e9rature ou interviews, ont mentionn\u00e9 Paul-Jacques Bonzon ou son \u0153uvre.<\/h4>\n<p>Paul-Jacques Bonzon a connu un r\u00e9el succ\u00e8s d\u2019\u00e9dition. Il fut \u00e9norm\u00e9ment lu. Il n\u2019est pas rare de trouver sous la plume d\u2019auteurs r\u00e9cents ou dans les propos de certains personnages en vue des r\u00e9f\u00e9rences au romancier pour la jeunesse que fut l\u2019auteur des Six compagnons et de bien\u00a0 d\u2019autres ouvrages aux titres \u00e9vocateurs. C\u2019est la raison qui nous am\u00e8ne aujourd\u2019hui \u00e0 concevoir une rubrique\u00a0 pour recenser ces r\u00e9f\u00e9rences. Nous lan\u00e7ons un appel \u00e0 tous les internautes et lecteurs pour nous signaler leurs trouvailles au moyen de la page contact\u00a0 situ\u00e9e en bas de la page d\u2019accueil. Dernier recensement arr\u00eat\u00e9 au 26 septembre 2022.<\/p>\n<p>[\/et_pb_text][\/et_pb_column][\/et_pb_row][et_pb_row _builder_version=&#8221;4.16&#8243; _module_preset=&#8221;default&#8221; global_colors_info=&#8221;{}&#8221;][et_pb_column type=&#8221;4_4&#8243; _builder_version=&#8221;4.16&#8243; _module_preset=&#8221;default&#8221; global_colors_info=&#8221;{}&#8221;][et_pb_divider color=&#8221;#000000&#8243; _builder_version=&#8221;4.16&#8243; _module_preset=&#8221;default&#8221; global_colors_info=&#8221;{}&#8221;][\/et_pb_divider][et_pb_team_member name=&#8221;Brigitte Giraud&#8221; image_url=&#8221;https:\/\/www.amis-pauljacquesbonzon.com\/apjb\/wp-content\/uploads\/2022\/09\/Brigitte_Giraud_CC_BY_SA_30-371&#215;443.jpg&#8221; _builder_version=&#8221;4.18.0&#8243; _module_preset=&#8221;default&#8221; header_font=&#8221;||||on|||#000000|&#8221; custom_margin=&#8221;||59px|||&#8221; border_width_all_image=&#8221;50px&#8221; border_color_all_image=&#8221;#ffffff&#8221; global_colors_info=&#8221;{}&#8221;]<\/p>\n<p style=\"line-height: 100%; margin-bottom: 0cm; text-align: justify;\"><b>Brigitte Giraud<\/b>, n\u00e9e le 1<sup>er<\/sup> novembre 1966 \u00e0 Sidi-Bel-Abb\u00e8s en Alg\u00e9rie, est une \u00e9crivaine fran\u00e7aise, auteure de romans et de nouvelles.<\/p>\n<p style=\"line-height: 100%; margin-bottom: 0cm; text-align: justify;\">Elle est est laur\u00e9ate du prix Goncourt de la nouvelle en 2007 pour son recueil <i>L&#8217;amour est tr\u00e8s surestim\u00e9<\/i>, a re\u00e7u en 2001 la mention sp\u00e9ciale du prix Wepler pour <i>\u00c0 pr\u00e9sent,<\/i> et le prix du jury Jean-Giono pour <i>Une ann\u00e9e \u00e9trang\u00e8re<\/i> en 2009. Ses livres sont traduits dans une vingtaine de pays (Source: Wikipedia).<\/p>\n<p style=\"line-height: 100%; margin-bottom: 0cm;\">\n<p style=\"line-height: 100%; margin-bottom: 0cm;\">\n<p>&nbsp;<\/p>\n<p>[\/et_pb_team_member][et_pb_team_member name=&#8221;Michel Houellebecq&#8221; _builder_version=&#8221;4.25.2&#8243; _module_preset=&#8221;default&#8221; header_font=&#8221;||||on|||#000000|&#8221; custom_margin=&#8221;||59px|||&#8221; hover_enabled=&#8221;0&#8243; border_width_all_image=&#8221;50px&#8221; border_color_all_image=&#8221;#ffffff&#8221; global_colors_info=&#8221;{}&#8221; sticky_enabled=&#8221;0&#8243;]<\/p>\n<p><strong><em>Les Particules \u00e9l\u00e9mentaires<\/em><\/strong>\u00a0est un roman\u00a0publi\u00e9 en\u00a01998 chez Flammarion. Ce deuxi\u00e8me roman de l\u2019auteur a re\u00e7u l\u2019ultime\u00a0prix Novembre\u00a0et a \u00e9t\u00e9 \u00e9lu par la r\u00e9daction de la revue <em>Lire<\/em>\u00a0\u00ab\u00a0meilleur livre de l\u2019ann\u00e9e 1998\u00a0\u00bb.<\/p>\n<p style=\"text-align: justify;\"><em>Des deux protagonistes du roman, Michel et Bruno, l\u2019un est un scientifique de renom, l\u2019autre est anonyme\u00a0; l\u2019un a choisi une solitude absolue, l\u2019autre ne l\u2019a pas choisie mais la subit quand m\u00eame\u00a0; l\u2019un et l\u2019autre sont fr\u00e8res et n\u2019ont rien en commun, sinon cette propension au malheur. Chacun de leur c\u00f4t\u00e9, en se tra\u00eenant de fiasco en d\u00e9sastre, et de retraite en d\u00e9sert, ils vont faire de leur vie la preuve de ce d\u00e9senchantement du monde et r\u00e9v\u00e9ler enfin la clef des rapports entre les hommes\u00a0: l\u2019illusion. <\/em><em>Par leur parcours familial et sentimental chaotique, les deux demi-fr\u00e8res illustrent de mani\u00e8re exemplaire la soci\u00e9t\u00e9 et la complexit\u00e9 des relations.<\/em><\/p>\n<p style=\"text-align: justify;\">Michel Houellebecq \u00e9voque Paul-Jacques Bonzon en ces termes\u00a0: <em><span style=\"color: #0000ff;\">\u00ab\u00a0\u2026 Bruno se plongea dans Les Six compagnons et l\u2019homme au gant, probablement le chef d\u2019\u0153uvre de P.-J. Bonzon, r\u00e9cemment r\u00e9\u00e9dit\u00e9 \u00e0 la Biblioth\u00e8que verte\u2026 \u00bb\u00a0<\/span> <\/em><\/p>\n<p>[\/et_pb_team_member][\/et_pb_column][\/et_pb_row][et_pb_row _builder_version=&#8221;4.16&#8243; _module_preset=&#8221;default&#8221; custom_margin=&#8221;|auto|-11px|auto||&#8221; global_colors_info=&#8221;{}&#8221;][et_pb_column type=&#8221;4_4&#8243; _builder_version=&#8221;4.16&#8243; _module_preset=&#8221;default&#8221; global_colors_info=&#8221;{}&#8221;][et_pb_team_member name=&#8221;Eric Fottorino&#8221; image_url=&#8221;https:\/\/www.amis-pauljacquesbonzon.com\/apjb\/wp-content\/uploads\/2022\/09\/Eric_Fottorino_salon_radio_france_2011-600&#215;900.jpg&#8221; _builder_version=&#8221;4.18.0&#8243; _module_preset=&#8221;default&#8221; header_font=&#8221;||||on||||&#8221; width=&#8221;100%&#8221; custom_margin=&#8221;||57px|||&#8221; custom_padding=&#8221;||0px|||&#8221; border_radii_image=&#8221;off||||&#8221; border_width_all_image=&#8221;39px&#8221; border_color_all_image=&#8221;#ffffff&#8221; global_colors_info=&#8221;{}&#8221;]<\/p>\n<p><span style=\"font-weight: normal;\">\u00c9ric Fottorino<\/span>, n\u00e9 le 26 ao\u00fbt 1960 \u00e0 Nice, est un journaliste et \u00e9crivain fran\u00e7ais.<\/p>\n<p>Apr\u00e8s vingt-cinq ann\u00e9es pass\u00e9es au quotidien <i>Le Monde<\/i>, qu\u2019il dirige de 2007 \u00e0 f\u00e9vrier 2011, il est le cofondateur de l&#8217;hebdomadaire <i>Le 1<\/i>, lanc\u00e9 en avril 2014, et des trimestriels <i>America<\/i> (2017), <i>Zadig<\/i> (2019) et <i>L\u00e9gende<\/i> (2020).<\/p>\n<p>Dans son roman &#8220;Korsakov&#8221; (Collection Folio n\u00b0 4333, Gallimard) il \u00e9crit page 90:<\/p>\n<p>&#8220;<em>&#8230;Les jours passent et c&#8217;est encore l&#8217;enfance. Un long moment de r\u00eaves contrari\u00e9s par l&#8217;impuissance. Ce matin, le petit s&#8217;est r\u00e9veill\u00e9 les yeux coll\u00e9s. Une sensation de sable sous les paupi\u00e8res. Il reste immobile dans son lit, \u00e9tendu sur le dos. Il imagine la vie autour de lui. Les objets continuent \u00e0 mener leur existence, ses voitures de course, son Meccano, ses livres \u00e0 la couverture rouge et or, les Biblioth\u00e8que Verte, la s\u00e9rie des Six Compagnons, de Paul-Jacques Bonzon. Il se figure le ciel&#8230;<\/em>&#8220;<\/p>\n<p>Autre r\u00e9f\u00e9rence \u00e0 Paul-Jacques Bonzon dans une interview en ligne: <a href=\"https:\/\/www.onlalu.com\/quel-lecteur-etes-vous-eric-fottorino-35536\/\">https:\/\/www.onlalu.com\/quel-lecteur-etes-vous-eric-fottorino-35536\/<\/a><\/p>\n<p>Pr\u00e9sentation \u00e9diteur de &#8220;Korsakov&#8221;: <a href=\"https:\/\/www.gallimard.fr\/Catalogue\/GALLIMARD\/Folio\/Folio\/Korsakov\">https:\/\/www.gallimard.fr\/Catalogue\/GALLIMARD\/Folio\/Folio\/Korsakov<\/a><\/p>\n<p>&nbsp;<\/p>\n<div class=\"entry-content\">\n<div id=\"et-boc\" class=\"et-boc\">\n<div class=\"et-l et-l--post\">\n<div class=\"et_builder_inner_content et_pb_gutters3\">\n<div>\n<div>\n<div>\n<div>\n<div>\n<p align=\"justify\">\n<\/div>\n<\/div>\n<\/div>\n<\/div>\n<\/div>\n<\/div>\n<\/div>\n<\/div>\n<\/div>\n<p>[\/et_pb_team_member][et_pb_team_member name=&#8221;Yoram Leker&#8221; image_url=&#8221;https:\/\/www.amis-pauljacquesbonzon.com\/apjb\/wp-content\/uploads\/2022\/09\/Yoram-Leker.png&#8221; _builder_version=&#8221;4.18.0&#8243; _module_preset=&#8221;default&#8221; header_font=&#8221;||||on||||&#8221; width=&#8221;100%&#8221; custom_margin=&#8221;||57px|||&#8221; custom_padding=&#8221;||0px|||&#8221; border_radii_image=&#8221;off||||&#8221; border_width_all_image=&#8221;39px&#8221; border_color_all_image=&#8221;#ffffff&#8221; global_colors_info=&#8221;{}&#8221;]<\/p>\n<p align=\"justify\">Arriv\u00e9 en France \u00e0 l\u2019\u00e2ge de 7 ans, Yoram Leker est n\u00e9 \u00e0 Tel-Aviv en 1960 d\u2019un p\u00e8re autrichien ayant fui l\u2019Anschluss et d\u2019une m\u00e8re d\u00e9port\u00e9e \u00e0 Bergen-Belsen, comptant parmi les passagers du \u00ab train Kasztner \u00bb. Avocat au Barreau de Paris, sp\u00e9cialiste en droit de la propri\u00e9t\u00e9 intellectuelle et assistant \u00e0 la Cour P\u00e9nale Internationale, Yoram Leker est l\u2019auteur aux Belles Lettres de trois ouvrages humoristiques, dont <i>Fuyez le guide <\/i>qui lui a valu la qualification \u00ab\u00a0d\u2019h\u00e9ritier putatif de Pierre Desproges\u00a0\u00bb. <i>L\u2019\u00c2me au diable<\/i>, inspir\u00e9 de faits historiques r\u00e9els, est son premier roman (biographie \u00e9diteur).<\/p>\n<p align=\"justify\">Un personnage de son roman \u00e9voque la c\u00e9l\u00e8bre s\u00e9rie de notre auteur:<\/p>\n<p align=\"justify\"><em>&#8220;Paul, tout comme moi, est un fan des Six Compagnons, les aventuriers de la Biblioth\u00e8que verte, dont nous connaissons tous les \u00e9pisodes, et notre plan nous para\u00eet tout \u00e0 fait digne de figurer dans le prochain opus de Paul-Jacques Bonzon&#8221;.<\/em><\/p>\n<p align=\"justify\">Lien vers l&#8217;ouvrage &#8220;L&#8217;ame au diable&#8221; publi\u00e9 en octobre 2021 aux \u00e9ditions Viviane Hamy: <a href=\"http:\/\/www.viviane-hamy.fr\/les-auteurs\/article\/yoram-leker?lang=fr\">http:\/\/www.viviane-hamy.fr\/les-auteurs\/article\/yoram-leker?lang=fr<\/a><\/p>\n<p align=\"justify\">Lien vers une interview: <a href=\"https:\/\/www.youtube.com\/watch?v=vl1_D9hBcEU\">https:\/\/www.youtube.com\/watch?v=vl1_D9hBcEU<\/a><\/p>\n<p style=\"line-height: 100%; margin-bottom: 0cm;\" align=\"justify\">\n<p>&nbsp;<\/p>\n<div class=\"entry-content\">\n<div id=\"et-boc\" class=\"et-boc\">\n<div class=\"et-l et-l--post\">\n<div class=\"et_builder_inner_content et_pb_gutters3\">\n<div>\n<div>\n<div>\n<div>\n<div>\n<p align=\"justify\">\n<\/div>\n<\/div>\n<\/div>\n<\/div>\n<\/div>\n<\/div>\n<\/div>\n<\/div>\n<\/div>\n<p>[\/et_pb_team_member][et_pb_team_member name=&#8221;Philippe Jaenada&#8221; image_url=&#8221;https:\/\/www.amis-pauljacquesbonzon.com\/apjb\/wp-content\/uploads\/2022\/09\/Philippe_Jaenada.png&#8221; _builder_version=&#8221;4.18.0&#8243; _module_preset=&#8221;default&#8221; header_font=&#8221;||||on||||&#8221; width=&#8221;100%&#8221; custom_margin=&#8221;||57px|||&#8221; custom_padding=&#8221;||0px|||&#8221; border_radii_image=&#8221;off||||&#8221; border_width_all_image=&#8221;39px&#8221; border_color_all_image=&#8221;#ffffff&#8221; global_colors_info=&#8221;{}&#8221;]<\/p>\n<p>N\u00e9 en 1964, \u00e9crivain, Philippe Jaenada a publi\u00e9 14 livres.<\/p>\n<p>Il a re\u00e7u le Prix de Flore en 1997 et le Prix Femina en 2017.<\/p>\n<p>Dans le num\u00e9ro 126 de la revue &#8220;Causette&#8221;, paru le 29 septembre 2021, il \u00e9voque ses lectures d&#8217;enfance:<\/p>\n<p>&#8220;<span style=\"font-family: Arial, sans-serif;\"><em>Je ne lisais pas beaucoup. Apr\u00e8s, petit, Le Club des cinq puis Bennett, Les Six Compagnons et enfin Boris Vian \u00e0 l\u2019adolescence, j\u2019avais arr\u00eat\u00e9. \u00c0 21 ans, comme une nouille, je me foutais des livres, je pensais que la vie n\u2019\u00e9tait pas dedans, je regardais la t\u00e9l\u00e9 ou je passais mes journ\u00e9es sur mon Minitel, ou bien je sortais dans les bistrots (et \u00e7a, je ne regrette pas).<\/em>&#8220;<\/span><\/p>\n<p style=\"font-weight: normal; line-height: 100%; margin-bottom: 0cm;\"><span style=\"font-family: Arial, sans-serif;\"><\/span><\/p>\n<p>&nbsp;<\/p>\n<p>[\/et_pb_team_member][et_pb_team_member name=&#8221;Michel Bussi&#8221; image_url=&#8221;https:\/\/www.amis-pauljacquesbonzon.com\/apjb\/wp-content\/uploads\/2022\/09\/Michel_Bussi_2-1152&#215;1296.jpg&#8221; _builder_version=&#8221;4.18.0&#8243; _module_preset=&#8221;default&#8221; header_font=&#8221;||||on||||&#8221; width=&#8221;100%&#8221; custom_margin=&#8221;||57px|||&#8221; custom_padding=&#8221;||0px|||&#8221; border_radii_image=&#8221;off||||&#8221; border_width_all_image=&#8221;39px&#8221; border_color_all_image=&#8221;#ffffff&#8221; global_colors_info=&#8221;{}&#8221;]<\/p>\n<p>N\u00e9 en 1964, \u00e9crivain, g\u00e9ographe et professeur de g\u00e9ographie \u00e0 l&#8217;universit\u00e9.<\/p>\n<p>Auteur d&#8217;une vingtaine de romans, il \u00e9tait en 2020 le 2e \u00e9crivain fran\u00e7ais en nombre de livres vendus.<\/p>\n<p>Dans le Parisien Dimanche du 10 mars 2019, il se confie:<\/p>\n<p style=\"font-weight: normal; line-height: 100%; margin-bottom: 0cm;\" align=\"justify\"><span style=\"font-family: Arial, sans-serif;\">&#8220;<em>Je suis nostalgique de l\u2019enfance perdue qui ne reviendra jamais, m\u00e9lancolique des portes qui se ferment pour toujours \u00bb, confie-t-il pudiquement. Il se souvient, l\u2019\u0153il p\u00e9tillant, avoir d\u00e9vor\u00e9 \u00ab Alice \u00bb ou \u00ab les Six Compagnons \u00bb<\/em>.&#8221;<\/span><\/p>\n<p><span style=\"font-family: Arial, sans-serif;\">\u00a0<\/span><\/p>\n<p style=\"font-weight: normal; line-height: 100%; margin-bottom: 0cm;\"><span style=\"font-family: Arial, sans-serif;\"><\/span><\/p>\n<p>&nbsp;<\/p>\n<p>[\/et_pb_team_member][et_pb_team_member name=&#8221;Adrien Borne&#8221; _builder_version=&#8221;4.25.2&#8243; _module_preset=&#8221;default&#8221; header_font=&#8221;||||on||||&#8221; width=&#8221;100%&#8221; custom_margin=&#8221;||57px|||&#8221; custom_padding=&#8221;||0px|||&#8221; hover_enabled=&#8221;0&#8243; border_radii_image=&#8221;off||||&#8221; border_width_all_image=&#8221;39px&#8221; border_color_all_image=&#8221;#ffffff&#8221; global_colors_info=&#8221;{}&#8221; sticky_enabled=&#8221;0&#8243;]<\/p>\n<p align=\"justify\"><span color=\"#1b1b1b\"><span face=\"Times New Roman, serif\"><span size=\"3\">Adrien Borne est un journaliste et pr\u00e9sentateur de t\u00e9l\u00e9vision. Depuis la rentr\u00e9e 2019, il <\/span><\/span><\/span><span color=\"#1b1b1b\"><span face=\"Times New Roman, serif\"><span size=\"3\">est aux<\/span><\/span><\/span><span color=\"#1b1b1b\"><span face=\"Times New Roman, serif\"><span size=\"3\"> manettes de LCI midi.<\/span><\/span><\/span><\/p>\n<div class=\"entry-content\">\n<div id=\"et-boc\" class=\"et-boc\">\n<div class=\"et-l et-l--post\">\n<div class=\"et_builder_inner_content et_pb_gutters3\">\n<div>\n<div>\n<div>\n<div>\n<div>\n<p align=\"justify\"><span color=\"#1b1b1b\"><span face=\"Times New Roman, serif\"><span size=\"3\">\u00ab\u00a0M\u00e9moire de soie\u00a0\u00bb<\/span><\/span><\/span><span color=\"#1b1b1b\"><span face=\"Times New Roman, serif\"><span size=\"3\"> (2020) est son premier roman aux \u00e9ditions Latt\u00e8s. <\/span><\/span><\/span><span color=\"#1b1b1b\"><span face=\"Times New Roman, serif\"><span size=\"3\">Un excellent premier roman tant par la qualit\u00e9 de l\u2019\u00e9criture que par sa construction et la conduite de l\u2019histoire. <\/span><\/span><\/span><span color=\"#1b1b1b\"><span face=\"Times New Roman, serif\"><span size=\"3\">Pour son premier roman\u00a0\u00a0l\u2019auteur s\u2019est inspir\u00e9 de son arri\u00e8re-grand-p\u00e8re, \u00e9leveur de vers \u00e0 soie <\/span><\/span><\/span><span color=\"#1b1b1b\"><span face=\"Times New Roman, serif\"><span size=\"3\">dans la Dr\u00f4me<\/span><\/span><\/span><span color=\"#1b1b1b\"><span face=\"Times New Roman, serif\"><span size=\"3\">. Son fils va d\u00e9couvrir un secret de famille et r\u00e9\u00e9crire son histoire familiale.<\/span><\/span><\/span><span color=\"#0563c1\"><span color=\"#ff8016\"><span face=\"Times New Roman, serif\"><span size=\"3\"> <\/span><\/span><\/span><\/span><\/p>\n<p align=\"justify\"><span color=\"#1b1b1b\"><span face=\"Times New Roman, serif\"><span size=\"3\">Les fils de ce drame familial sont tiss\u00e9s avec une habilit\u00e9 bien ma\u00eetris\u00e9e. Apr\u00e8s le fracas de la Guerre, la d\u00e9chirure et le deuil, les mots vont permettre \u00e0 Suzanne de continuer \u00e0 avancer, symbole d\u2019une humanit\u00e9 retrouv\u00e9e et personnage central de ce magnifique roman <\/span><\/span><\/span><span color=\"#1b1b1b\"><span face=\"Times New Roman, serif\"><span size=\"3\">d\u2019historien et de g\u00e9n\u00e9alogiste. <\/span><\/span><\/span><span color=\"#1b1b1b\"><span face=\"Times New Roman, serif\"><span size=\"3\">C\u2019est <\/span><\/span><\/span><span color=\"#1b1b1b\"><span face=\"Times New Roman, serif\"><span size=\"3\">aussi le <\/span><\/span><\/span><span color=\"#1b1b1b\"><span face=\"Times New Roman, serif\"><span size=\"3\">roman <\/span><\/span><\/span><span color=\"#1b1b1b\"><span face=\"Times New Roman, serif\"><span size=\"3\">d\u2019un amoureux des paysages de la Dr\u00f4me <\/span><\/span><\/span><span color=\"#1b1b1b\"><span face=\"Times New Roman, serif\"><span size=\"3\">qu\u2019on d\u00e9vore avec plaisir et qu\u2019on ne parvient pas \u00e0 l\u00e2cher avant le point final. <\/span><\/span><\/span><\/p>\n<p align=\"justify\"><span color=\"#1b1b1b\"><span face=\"Times New Roman, serif\"><span size=\"3\">Adrien Borne \u00e9voque souvent Paul-Jacques Bonzon. Il faut dire qu\u2019il est le petit-fils de Marguerite Gauthier qui, en secondes noces, avait \u00e9pous\u00e9 <\/span><\/span><\/span><span color=\"#1b1b1b\"><span face=\"Times New Roman, serif\"><span size=\"3\">le romancier alors au fa\u00eete de son succ\u00e8s<\/span><\/span><\/span><span color=\"#1b1b1b\"><span face=\"Times New Roman, serif\"><span size=\"3\">. <\/span><\/span><\/span><span color=\"#1b1b1b\"><span face=\"Times New Roman, serif\"><span size=\"3\">C\u2019est \u00e0 Maguy, <\/span><\/span><\/span><span color=\"#1b1b1b\"><span face=\"Times New Roman, serif\"><span size=\"3\">son \u00e9pouse,<\/span><\/span><\/span><span color=\"#1b1b1b\"><span face=\"Times New Roman, serif\"><span size=\"3\"> qu\u2019il d\u00e9dicace la r\u00e9\u00e9dition de <\/span><\/span><\/span><span color=\"#1b1b1b\"><span face=\"Times New Roman, serif\"><span size=\"3\">Mon Vercors en feu <\/span><\/span><\/span><span color=\"#1b1b1b\"><span face=\"Times New Roman, serif\"><span size=\"3\">(Hachette, biblioth\u00e8que verte, 1975). <\/span><\/span><\/span><\/p>\n<p align=\"justify\"><span color=\"#1b1b1b\"><span face=\"Times New Roman, serif\"><span size=\"3\">Bien que trop jeune pour l\u2019avoir connu, nourri des lectures et du souvenir du romancier pour la jeunesse, <\/span><\/span><\/span><span color=\"#1b1b1b\"><span face=\"Times New Roman, serif\"><span size=\"3\">Adrien Borne<\/span><\/span><\/span><span color=\"#1b1b1b\"><span face=\"Times New Roman, serif\"><span size=\"3\"> reconna\u00eet volontiers ce qu\u2019il lui doit <\/span><\/span><\/span><span color=\"#1b1b1b\"><span face=\"Times New Roman, serif\"><span size=\"3\">tant dans ses interviews que dans les quelques lignes r\u00e9dig\u00e9es en ces termes \u00e0 la fin de son roman en guise de remerciements. <\/span><\/span><\/span><\/p>\n<p align=\"justify\"><span color=\"#1b1b1b\"><span face=\"Times New Roman, serif\"><span size=\"3\"> \u00ab\u00a0<\/span><\/span><\/span><span color=\"#1b1b1b\"><span face=\"Times New Roman, serif\"><span size=\"3\">Toi aussi, ce grand-p\u00e8re que je n\u2019ai pas connu, tes <\/span><\/span><\/span><span color=\"#1b1b1b\"><span face=\"Times New Roman, serif\"><span size=\"3\">Six compagnons<\/span><\/span><\/span><span color=\"#1b1b1b\"><span face=\"Times New Roman, serif\"><span size=\"3\"> s\u2019alignant dans la biblioth\u00e8que, tranches vertes en \u00e9vidence, comme une promesse \u00bb. <\/span><\/span><\/span><\/p>\n<p align=\"justify\"><span color=\"#1b1b1b\"><span face=\"Times New Roman, serif\"><span size=\"3\">Adrien Borne, sans conteste, est un authentique\u00a0<\/span><\/span><\/span><span color=\"#1b1b1b\"><span face=\"Times New Roman, serif\"><span size=\"3\">Ami de Paul-Jacques Bonzon, romancier pour la jeunesse.<\/span><\/span><\/span><\/p>\n<p align=\"justify\"><span color=\"#1b1b1b\"><span face=\"Times New Roman, serif\"><span size=\"3\">En 2022, Adrien Borne a publi\u00e9, toujours chez Latt\u00e8s, &#8220;La vie qui commence&#8221;.<\/span><\/span><\/span><\/p>\n<p align=\"justify\"><span color=\"#1b1b1b\"><span face=\"Times New Roman, serif\"><span size=\"3\"><\/span><\/span><\/span><\/p>\n<p align=\"justify\">Son compte Instagram: <a href=\"https:\/\/www.instagram.com\/adrienborne\/?hl=fr\">https:\/\/www.instagram.com\/adrienborne\/?hl=fr<\/a><\/p>\n<\/div>\n<\/div>\n<\/div>\n<\/div>\n<\/div>\n<\/div>\n<\/div>\n<\/div>\n<\/div>\n<p>[\/et_pb_team_member][\/et_pb_column][\/et_pb_row][et_pb_row _builder_version=&#8221;4.16&#8243; _module_preset=&#8221;default&#8221; global_colors_info=&#8221;{}&#8221;][et_pb_column type=&#8221;4_4&#8243; _builder_version=&#8221;4.16&#8243; _module_preset=&#8221;default&#8221; global_colors_info=&#8221;{}&#8221;][et_pb_team_member name=&#8221;St\u00e9phane Puisney&#8221; image_url=&#8221;https:\/\/www.amis-pauljacquesbonzon.com\/apjb\/wp-content\/uploads\/2021\/01\/puisney_stephane.png&#8221; _builder_version=&#8221;4.16&#8243; _module_preset=&#8221;default&#8221; header_font=&#8221;||||on||||&#8221; width=&#8221;100%&#8221; min_height=&#8221;289.4px&#8221; custom_margin=&#8221;10px|||||&#8221; border_radii_image=&#8221;off||||&#8221; global_colors_info=&#8221;{}&#8221;]<\/p>\n<p style=\"box-sizing: border-box; margin: 0px; padding: 0px 0px 1em; border: 0px; outline: 0px; font-size: 14px; text-size-adjust: 100%; vertical-align: baseline; background: #ffffff; color: #666666; font-family: 'Open Sans', Arial, sans-serif; font-style: normal; font-variant-ligatures: normal; font-variant-caps: normal; font-weight: 500; letter-spacing: normal; orphans: 2; text-indent: 0px; text-transform: none; white-space: normal; widows: 2; word-spacing: 0px; -webkit-text-stroke-width: 0px; text-decoration-thickness: initial; text-decoration-style: initial; text-decoration-color: initial;\" align=\"justify\"><span size=\"3\" style=\"box-sizing: border-box; margin: 0px; padding: 0px; border: 0px; outline: 0px; font-size: 14px; text-size-adjust: 100%; vertical-align: baseline; background: transparent;\">\u00c0 l\u2019occasion du centenaire de la naissance de Paul-Jacques Bonzon, en 2008, la municipalit\u00e9 de Saint-L\u00f4 conjointement avec les archives d\u00e9partementales de la Manche organisaient une exposition consacr\u00e9e au romancier et la litt\u00e9rature pour la jeunesse. Lors de cette manifestation qui se d\u00e9roulait \u00e0 la m\u00e9diath\u00e8que de la ville, un jeune homme est venu \u00e0 ma rencontre pour me faire part de ses souvenirs \u00e9mus de lectures d\u2019enfance, notamment du<span>\u00a0<\/span><\/span><span size=\"3\" style=\"box-sizing: border-box; margin: 0px; padding: 0px; border: 0px; outline: 0px; font-size: 14px; text-size-adjust: 100%; vertical-align: baseline; background: transparent;\">Viking au bracelet d\u2019argent<\/span><span size=\"3\" style=\"box-sizing: border-box; margin: 0px; padding: 0px; border: 0px; outline: 0px; font-size: 14px; text-size-adjust: 100%; vertical-align: baseline; background: transparent;\"><span>\u00a0<\/span>dont, \u00e0 l\u2019\u00e9poque, il avait, me disait-il, r\u00e9alis\u00e9 un dessin.<\/span><\/p>\n<p style=\"box-sizing: border-box; margin: 0px; padding: 0px 0px 1em; border: 0px; outline: 0px; font-size: 14px; text-size-adjust: 100%; vertical-align: baseline; background: #ffffff; color: #666666; font-family: 'Open Sans', Arial, sans-serif; font-style: normal; font-variant-ligatures: normal; font-variant-caps: normal; font-weight: 500; letter-spacing: normal; orphans: 2; text-indent: 0px; text-transform: none; white-space: normal; widows: 2; word-spacing: 0px; -webkit-text-stroke-width: 0px; text-decoration-thickness: initial; text-decoration-style: initial; text-decoration-color: initial;\" align=\"justify\"><span size=\"3\" style=\"box-sizing: border-box; margin: 0px; padding: 0px; border: 0px; outline: 0px; font-size: 14px; text-size-adjust: 100%; vertical-align: baseline; background: transparent;\">Ce jeune homme, c\u2019est le Saint-Lois St\u00e9phane Puisney, dessinateur, illustrateur et coloriste, sc\u00e9nariste de bandes dessin\u00e9es, bien connu dans la r\u00e9gion, maintes fois r\u00e9compens\u00e9. Il est l\u2019auteur et le r\u00e9alisateur de<span>\u00a0<\/span><\/span><span size=\"3\" style=\"box-sizing: border-box; margin: 0px; padding: 0px; border: 0px; outline: 0px; font-size: 14px; text-size-adjust: 100%; vertical-align: baseline; background: transparent;\">La Saga des Lef\u00e9bure<\/span><span size=\"3\" style=\"box-sizing: border-box; margin: 0px; padding: 0px; border: 0px; outline: 0px; font-size: 14px; text-size-adjust: 100%; vertical-align: baseline; background: transparent;\">, parue aux \u00e9ditions Eurocibles, une s\u00e9rie d\u2019albums de bandes dessin\u00e9es pour retracer l\u2019histoire de la Normandie, au fils des si\u00e8cles, au travers des aventures des membres d\u2019une famille imaginaire.<\/span><\/p>\n<p style=\"box-sizing: border-box; margin: 0px; padding: 0px 0px 1em; border: 0px; outline: 0px; font-size: 14px; text-size-adjust: 100%; vertical-align: baseline; background: #ffffff; color: #666666; font-family: 'Open Sans', Arial, sans-serif; font-style: normal; font-variant-ligatures: normal; font-variant-caps: normal; font-weight: 500; letter-spacing: normal; orphans: 2; text-indent: 0px; text-transform: none; white-space: normal; widows: 2; word-spacing: 0px; -webkit-text-stroke-width: 0px; text-decoration-thickness: initial; text-decoration-style: initial; text-decoration-color: initial;\" align=\"justify\"><span size=\"3\" style=\"box-sizing: border-box; margin: 0px; padding: 0px; border: 0px; outline: 0px; font-size: 14px; text-size-adjust: 100%; vertical-align: baseline; background: transparent;\">En toute amiti\u00e9, St\u00e9phane Puisney a bien voulu donner un dessin original r\u00e9alis\u00e9 en puisant dans les images gard\u00e9es dans sa m\u00e9moire de jeune lecteur. C\u2019est un geste qui nous touche.<\/span><\/p>\n<p style=\"box-sizing: border-box; margin: 0px; padding: 0px; border: 0px; outline: 0px; font-size: 14px; text-size-adjust: 100%; vertical-align: baseline; background: #ffffff; color: #666666; font-family: 'Open Sans', Arial, sans-serif; font-style: normal; font-variant-ligatures: normal; font-variant-caps: normal; font-weight: 500; letter-spacing: normal; orphans: 2; text-indent: 0px; text-transform: none; white-space: normal; widows: 2; word-spacing: 0px; -webkit-text-stroke-width: 0px; text-decoration-thickness: initial; text-decoration-style: initial; text-decoration-color: initial;\" align=\"justify\"><span size=\"3\" style=\"box-sizing: border-box; margin: 0px; padding: 0px; border: 0px; outline: 0px; font-size: 14px; text-size-adjust: 100%; vertical-align: baseline; background: transparent;\">Qu\u2019il en soit vivement remerci\u00e9. C\u2019est un honneur qu\u2019il fait aux Amis de Paul-Jacques Bonzon et un hommage qu\u2019il rend au romancier originaire de la Manche, scolaris\u00e9 et form\u00e9 \u00e0 Saint-L\u00f4.<\/span><\/p>\n<p>[\/et_pb_team_member][et_pb_team_member name=&#8221;Yasmina Khadra&#8221; image_url=&#8221;https:\/\/www.amis-pauljacquesbonzon.com\/apjb\/wp-content\/uploads\/2021\/07\/COUV-MORSURE-YASMINA-KHADRA-2.png&#8221; _builder_version=&#8221;4.25.2&#8243; _module_preset=&#8221;default&#8221; header_font=&#8221;||||on||||&#8221; width=&#8221;100%&#8221; min_height=&#8221;374.4px&#8221; custom_margin=&#8221;75px|||||&#8221; hover_enabled=&#8221;0&#8243; border_radii_image=&#8221;off||||&#8221; global_colors_info=&#8221;{}&#8221; sticky_enabled=&#8221;0&#8243;]<\/p>\n<p align=\"justify\"><em>Six mois seulement apr\u00e8s avoir publi\u00e9 son nouveau roman Le Sel de tous les oublis, Yasmina Khadra, sort un autre ouvrage. Un livre d\u2019entretiens, avec la journaliste Catherine Lalanne, r\u00e9dactrice en chef \u00e0 l\u2019hebdomadaire Le P\u00e8lerin, intitul\u00e9\u00a0Le Baiser et la morsure\u00a0qui para\u00eet chez Casbah Editions.<\/em><\/p>\n<p align=\"justify\"><em>Dans ce livre d\u2019entretiens, l\u2019auteur de livre et se confie\u00a0: \u00ab\u00a0Je suis devenu auteur \u00e0 mon tout, c\u2019est pour rendre gr\u00e2ce aux \u00e9crivains\u00a0\u00bb. <\/em><\/p>\n<p align=\"justify\"><em>Le livre \u00e9tait mon \u00ab s\u00e9same \u00bb qui faisait coulisser les remparts de mon \u00ab p\u00e9nitencier \u00bb afin que j\u2019\u00e9chappe aux bruits des godasses et aux hurlements du sergent\u2026J\u2019ai batifol\u00e9 dans les eaux troubles du Mississipi en compagnie de Tom Sawyer, chant\u00e9 la m\u00e8re de Maxime Gorki, pleur\u00e9 les jours avec Taha Hussein, enqu\u00eat\u00e9 avec les Six Compagnons de Paul-Jacques Bonzon, et lorsque John Steinbeck a d\u00e9ploy\u00e9, sous mes yeux \u00e9merveill\u00e9s, La Grande Vall\u00e9e, j\u2019ai plant\u00e9 mon \u00e9tendard au haut d\u2019une butte et j\u2019ai cri\u00e9 : \u00bb ici, est mon royaume !\u2026<\/em><\/p>\n<p align=\"justify\"><em>Le baiser et la morsure, Yasmina Khadra avec Catherine Lalanne, Casbah \u00e9ditions, mars 2021, 205 p.<\/em><\/p>\n<p>[\/et_pb_team_member][\/et_pb_column][\/et_pb_row][\/et_pb_section]<\/p>\n","protected":false},"excerpt":{"rendered":"<p>Pr\u00e9sentation des lecteurs connus qui, dans leur litt\u00e9rature ou interviews, ont mentionn\u00e9 Paul-Jacques Bonzon ou son \u0153uvre. Paul-Jacques Bonzon a connu un r\u00e9el succ\u00e8s d\u2019\u00e9dition. Il fut \u00e9norm\u00e9ment lu. Il n\u2019est pas rare de trouver sous la plume d\u2019auteurs r\u00e9cents ou dans les propos de certains personnages en vue des r\u00e9f\u00e9rences au romancier pour la [&hellip;]<\/p>\n","protected":false},"author":1,"featured_media":0,"parent":0,"menu_order":0,"comment_status":"closed","ping_status":"closed","template":"","meta":{"_et_pb_use_builder":"on","_et_pb_old_content":"","_et_gb_content_width":"","_monsterinsights_skip_tracking":false,"_monsterinsights_sitenote_active":false,"_monsterinsights_sitenote_note":"","_monsterinsights_sitenote_category":0,"footnotes":""},"class_list":["post-3431","page","type-page","status-publish","hentry"],"jetpack_sharing_enabled":true,"_links":{"self":[{"href":"https:\/\/www.amis-pauljacquesbonzon.com\/apjb\/wp-json\/wp\/v2\/pages\/3431","targetHints":{"allow":["GET"]}}],"collection":[{"href":"https:\/\/www.amis-pauljacquesbonzon.com\/apjb\/wp-json\/wp\/v2\/pages"}],"about":[{"href":"https:\/\/www.amis-pauljacquesbonzon.com\/apjb\/wp-json\/wp\/v2\/types\/page"}],"author":[{"embeddable":true,"href":"https:\/\/www.amis-pauljacquesbonzon.com\/apjb\/wp-json\/wp\/v2\/users\/1"}],"replies":[{"embeddable":true,"href":"https:\/\/www.amis-pauljacquesbonzon.com\/apjb\/wp-json\/wp\/v2\/comments?post=3431"}],"version-history":[{"count":30,"href":"https:\/\/www.amis-pauljacquesbonzon.com\/apjb\/wp-json\/wp\/v2\/pages\/3431\/revisions"}],"predecessor-version":[{"id":4971,"href":"https:\/\/www.amis-pauljacquesbonzon.com\/apjb\/wp-json\/wp\/v2\/pages\/3431\/revisions\/4971"}],"wp:attachment":[{"href":"https:\/\/www.amis-pauljacquesbonzon.com\/apjb\/wp-json\/wp\/v2\/media?parent=3431"}],"curies":[{"name":"wp","href":"https:\/\/api.w.org\/{rel}","templated":true}]}}