{"id":44,"date":"2019-10-30T14:36:16","date_gmt":"2019-10-30T14:36:16","guid":{"rendered":"https:\/\/www.amis-pauljacquesbonzon.com\/apjb\/?page_id=44"},"modified":"2026-01-20T10:04:27","modified_gmt":"2026-01-20T09:04:27","slug":"accueil","status":"publish","type":"page","link":"https:\/\/www.amis-pauljacquesbonzon.com\/apjb\/","title":{"rendered":"Accueil"},"content":{"rendered":"<p>[et_pb_section fb_built=&#8221;1&#8243; fullwidth=&#8221;on&#8221; _builder_version=&#8221;4.16&#8243; da_disable_devices=&#8221;off|off|off&#8221; global_colors_info=&#8221;{}&#8221; da_is_popup=&#8221;off&#8221; da_exit_intent=&#8221;off&#8221; da_has_close=&#8221;on&#8221; da_alt_close=&#8221;off&#8221; da_dark_close=&#8221;off&#8221; da_not_modal=&#8221;on&#8221; da_is_singular=&#8221;off&#8221; da_with_loader=&#8221;off&#8221; da_has_shadow=&#8221;on&#8221;][et_pb_fullwidth_header title=&#8221;   Les amis de Paul-Jacques            Bonzon              romancier pour la jeunesse &#8221; subhead=&#8221;Site associatif de r\u00e9f\u00e9rence destin\u00e9 aux professionnels, chercheurs, \u00e9tudiants, collectionneurs, passionn\u00e9s de litt\u00e9rature pour la jeunesse&#8230; &#8221; text_orientation=&#8221;center&#8221; header_fullscreen=&#8221;on&#8221; _builder_version=&#8221;4.16&#8243; title_font=&#8221;|800|||||||&#8221; title_text_align=&#8221;center&#8221; title_text_color=&#8221;#e02b20&#8243; title_font_size=&#8221;60px&#8221; content_text_color=&#8221;#000000&#8243; subhead_font=&#8221;|600|||||||&#8221; subhead_text_align=&#8221;center&#8221; subhead_text_color=&#8221;#0c71c3&#8243; subhead_font_size=&#8221;28px&#8221; subhead_line_height=&#8221;1.8em&#8221; background_enable_color=&#8221;off&#8221; background_image=&#8221;https:\/\/www.amis-pauljacquesbonzon.com\/apjb\/wp-content\/uploads\/2019\/10\/enfants-2r.png&#8221; max_width=&#8221;100%&#8221; min_height=&#8221;459px&#8221; height=&#8221;163px&#8221; max_height=&#8221;778px&#8221; content_text_shadow_style=&#8221;preset1&#8243; border_width_all_image=&#8221;50px&#8221; global_colors_info=&#8221;{}&#8221;][\/et_pb_fullwidth_header][\/et_pb_section][et_pb_section fb_built=&#8221;1&#8243; _builder_version=&#8221;4.16&#8243; da_disable_devices=&#8221;off|off|off&#8221; global_colors_info=&#8221;{}&#8221; da_is_popup=&#8221;off&#8221; da_exit_intent=&#8221;off&#8221; da_has_close=&#8221;on&#8221; da_alt_close=&#8221;off&#8221; da_dark_close=&#8221;off&#8221; da_not_modal=&#8221;on&#8221; da_is_singular=&#8221;off&#8221; da_with_loader=&#8221;off&#8221; da_has_shadow=&#8221;on&#8221;][et_pb_row _builder_version=&#8221;4.16&#8243; _module_preset=&#8221;default&#8221; global_colors_info=&#8221;{}&#8221;][et_pb_column type=&#8221;4_4&#8243; _builder_version=&#8221;4.16&#8243; _module_preset=&#8221;default&#8221; global_colors_info=&#8221;{}&#8221;][et_pb_audio audio=&#8221;https:\/\/rs-genea.com\/apjb\/apjb_audio_03.mp3&#8243; title=&#8221;Morceau compos\u00e9 pour Les APJB&#8221; artist_name=&#8221;Ewen VALTON&#8221; _builder_version=&#8221;4.16&#8243; _module_preset=&#8221;default&#8221; background_color=&#8221;#7cda24&#8243; use_background_color_gradient=&#8221;on&#8221; background_color_gradient_stops=&#8221;#7cda24 0%|#0c71c3 100%&#8221; background_color_gradient_start=&#8221;#7cda24&#8243; background_color_gradient_end=&#8221;#0c71c3&#8243; transform_scale_linked=&#8221;off&#8221; link_option_url=&#8221; https:\/\/www.instagram.com\/valtonewen\/&#8221; border_radii_image=&#8221;on|15px|15px|15px|15px&#8221; box_shadow_style=&#8221;preset2&#8243; global_colors_info=&#8221;{}&#8221;][\/et_pb_audio][\/et_pb_column][\/et_pb_row][et_pb_row _builder_version=&#8221;4.16&#8243; custom_margin=&#8221;|auto|-17px|auto||&#8221; global_colors_info=&#8221;{}&#8221;][et_pb_column type=&#8221;4_4&#8243; _builder_version=&#8221;4.16&#8243; global_colors_info=&#8221;{}&#8221;][et_pb_text _builder_version=&#8221;4.16&#8243; text_font=&#8221;|300|||||||&#8221; custom_margin=&#8221;||2px|||&#8221; global_colors_info=&#8221;{}&#8221;]<\/p>\n<h3><strong>Paul-Jacques Bonzon<\/strong><\/h3>\n<p>[\/et_pb_text][et_pb_divider color=&#8221;#000000&#8243; divider_weight=&#8221;1px&#8221; _builder_version=&#8221;4.16&#8243; custom_padding=&#8221;0px|||||&#8221; global_colors_info=&#8221;{}&#8221;][\/et_pb_divider][\/et_pb_column][\/et_pb_row][et_pb_row column_structure=&#8221;1_5,3_5,1_5&#8243; _builder_version=&#8221;4.16&#8243; global_colors_info=&#8221;{}&#8221;][et_pb_column type=&#8221;1_5&#8243; _builder_version=&#8221;4.16&#8243; global_colors_info=&#8221;{}&#8221;][et_pb_image src=&#8221;https:\/\/www.amis-pauljacquesbonzon.com\/apjb\/wp-content\/uploads\/2019\/10\/PJB-Photo1.jpg&#8221; _builder_version=&#8221;4.16&#8243; global_colors_info=&#8221;{}&#8221;][\/et_pb_image][\/et_pb_column][et_pb_column type=&#8221;3_5&#8243; _builder_version=&#8221;4.16&#8243; global_colors_info=&#8221;{}&#8221;][et_pb_text _builder_version=&#8221;4.16&#8243; global_colors_info=&#8221;{}&#8221;]<\/p>\n<p align=\"justify\"><span color=\"#000000\"><span face=\"Arial, serif\"><span size=\"4\">Paul-Jacques Bonzon est un auteur pour la jeunesse particuli\u00e8rement prolixe avec plus d&#8217;une centaine d&#8217;ouvrages \u00e9crits entre 1945 et 1978. Une \u0153uvre cons\u00e9quente et vari\u00e9e, marqu\u00e9e par des s\u00e9ries \u00e0 succ\u00e8s, <\/span><\/span><\/span><span color=\"#000000\"><span face=\"Arial, serif\"><span size=\"4\">Les six compagnons, La famille HLM<\/span><\/span><\/span><span color=\"#000000\"><span face=\"Arial, serif\"><span size=\"4\"> ou <\/span><\/span><\/span><span color=\"#000000\"><span face=\"Arial, serif\"><span size=\"4\">Diabolo, le petit chat noir, <\/span><\/span><\/span><span color=\"#000000\"><span face=\"Arial, serif\"><span size=\"4\">mais aussi par<\/span><\/span><\/span><span color=\"#000000\"><span face=\"Arial, serif\"><span size=\"4\"> <\/span><\/span><\/span><span color=\"#000000\"><span face=\"Arial, serif\"><span size=\"4\">des ouvrages de lecture suivie qui ont rencontr\u00e9 un vif int\u00e9r\u00eat dans les milieux scolaires.<\/span><\/span><\/span><\/p>\n<p align=\"justify\"><span color=\"#333333\"><span face=\"Arial, serif\"><span size=\"4\">Sur les origines de l&#8217;\u00e9crivain, les informations les plus diverses ont couru. On l&#8217;a fait Suisse, Jurassien ou Franc-Comtois \u00e0 cause du patronyme. On l&#8217;a cru Lyonnais \u00e0 cause des Six compagnons, originaires de la Croix-Rousse. Dr\u00f4mois, il ne l&#8217;est pas davantage, bien qu&#8217;<\/span><\/span><\/span><span color=\"#333333\"><span face=\"Arial, serif\"><span size=\"4\">ayant fait de la Dr\u00f4me son d\u00e9partement d&#8217;adoption. Non, il est Normand et, plus pr\u00e9cis\u00e9ment, Manchois.<\/span><\/span><\/span><\/p>\n<p>[\/et_pb_text][\/et_pb_column][et_pb_column type=&#8221;1_5&#8243; _builder_version=&#8221;4.16&#8243; global_colors_info=&#8221;{}&#8221;][et_pb_image src=&#8221;https:\/\/www.amis-pauljacquesbonzon.com\/apjb\/wp-content\/uploads\/2019\/11\/PJB-2-Arthur_r.png&#8221; _builder_version=&#8221;4.16&#8243; custom_margin=&#8221;||9px|||&#8221; global_colors_info=&#8221;{}&#8221;][\/et_pb_image][et_pb_text _builder_version=&#8221;4.16&#8243; text_text_color=&#8221;#0c71c3&#8243; global_colors_info=&#8221;{}&#8221;]<\/p>\n<p style=\"text-align: center;\">\u00a9<em> Arthur VALTON<\/em><\/p>\n<p>[\/et_pb_text][\/et_pb_column][\/et_pb_row][et_pb_row _builder_version=&#8221;4.16&#8243; min_height=&#8221;244px&#8221; global_colors_info=&#8221;{}&#8221;][et_pb_column type=&#8221;4_4&#8243; _builder_version=&#8221;4.16&#8243; global_colors_info=&#8221;{}&#8221;][et_pb_text _builder_version=&#8221;4.16&#8243; custom_margin=&#8221;-51px|||||&#8221; custom_padding=&#8221;1px|||||&#8221; global_colors_info=&#8221;{}&#8221;]<\/p>\n<p style=\"box-sizing: border-box; margin: 0px; padding: 0px 0px 1em; border: 0px; outline: 0px; background: 0px 0px #ffffff; font-size: 14px; vertical-align: baseline; text-size-adjust: 100%; color: #666666; font-family: 'Open Sans', Arial, sans-serif; font-style: normal; font-variant-ligatures: normal; font-variant-caps: normal; font-weight: 500; letter-spacing: normal; orphans: 2; text-indent: 0px; text-transform: none; white-space: normal; widows: 2; word-spacing: 0px; -webkit-text-stroke-width: 0px; text-decoration-style: initial; text-decoration-color: initial;\" align=\"justify\"><span face=\"Times New Roman, serif\" style=\"box-sizing: border-box; margin: 0px; padding: 0px; border: 0px; outline: 0px; background: 0px 0px; font-size: 14px; vertical-align: baseline; text-size-adjust: 100%;\"><span size=\"3\" style=\"box-sizing: border-box; margin: 0px; padding: 0px; border: 0px; outline: 0px; background: 0px 0px; font-size: 14px; vertical-align: baseline; text-size-adjust: 100%;\"><span color=\"#000000\" style=\"box-sizing: border-box; margin: 0px; padding: 0px; border: 0px; outline: 0px; background: 0px 0px; font-size: 14px; vertical-align: baseline; text-size-adjust: 100%;\"><span face=\"Arial, serif\" style=\"box-sizing: border-box; margin: 0px; padding: 0px; border: 0px; outline: 0px; background: 0px 0px; font-size: 14px; vertical-align: baseline; text-size-adjust: 100%;\"><span size=\"4\" style=\"box-sizing: border-box; margin: 0px; padding: 0px; border: 0px; outline: 0px; background: 0px 0px; font-size: 14px; vertical-align: baseline; text-size-adjust: 100%;\">Paul-Jacques Bonzon (1908-1978), instituteur et romancier pour la jeunesse, est n\u00e9 \u00e0\u00a0<\/span><\/span><\/span><span color=\"#0000ff\" style=\"box-sizing: border-box; margin: 0px; padding: 0px; border: 0px; outline: 0px; background: 0px 0px; font-size: 14px; vertical-align: baseline; text-size-adjust: 100%;\"><a href=\"http:\/\/www.jedecouvrelafrance.com\/f-1015.manche-sainte-marie-du-mont.html\" target=\"_blank\" rel=\"noopener noreferrer\" style=\"box-sizing: border-box; margin: 0px; padding: 0px; border: 0px; outline: 0px; background: 0px 0px; font-size: 14px; vertical-align: baseline; text-size-adjust: 100%; color: #e02b20; text-decoration: none; cursor: pointer !important;\"><span face=\"Arial, serif\" style=\"box-sizing: border-box; margin: 0px; padding: 0px; border: 0px; outline: 0px; background: 0px 0px; font-size: 14px; vertical-align: baseline; text-size-adjust: 100%;\"><span size=\"4\" style=\"box-sizing: border-box; margin: 0px; padding: 0px; border: 0px; outline: 0px; background: 0px 0px; font-size: 14px; vertical-align: baseline; text-size-adjust: 100%;\">Sainte-Marie du Mont<\/span><\/span><\/a><\/span><span color=\"#000000\" style=\"box-sizing: border-box; margin: 0px; padding: 0px; border: 0px; outline: 0px; background: 0px 0px; font-size: 14px; vertical-align: baseline; text-size-adjust: 100%;\"><span face=\"Arial, serif\" style=\"box-sizing: border-box; margin: 0px; padding: 0px; border: 0px; outline: 0px; background: 0px 0px; font-size: 14px; vertical-align: baseline; text-size-adjust: 100%;\"><span size=\"4\" style=\"box-sizing: border-box; margin: 0px; padding: 0px; border: 0px; outline: 0px; background: 0px 0px; font-size: 14px; vertical-align: baseline; text-size-adjust: 100%;\">. C\u2019est \u00e0\u00a0<\/span><\/span><\/span><span color=\"#000000\" style=\"box-sizing: border-box; margin: 0px; padding: 0px; border: 0px; outline: 0px; background: 0px 0px; font-size: 14px; vertical-align: baseline; text-size-adjust: 100%;\"><span face=\"Arial, serif\" style=\"box-sizing: border-box; margin: 0px; padding: 0px; border: 0px; outline: 0px; background: 0px 0px; font-size: 14px; vertical-align: baseline; text-size-adjust: 100%;\"><span size=\"4\" style=\"box-sizing: border-box; margin: 0px; padding: 0px; border: 0px; outline: 0px; background: 0px 0px; font-size: 14px; vertical-align: baseline; text-size-adjust: 100%;\">Saint-L\u00f4<\/span><\/span><\/span><span color=\"#000000\" style=\"box-sizing: border-box; margin: 0px; padding: 0px; border: 0px; outline: 0px; background: 0px 0px; font-size: 14px; vertical-align: baseline; text-size-adjust: 100%;\"><span face=\"Arial, serif\" style=\"box-sizing: border-box; margin: 0px; padding: 0px; border: 0px; outline: 0px; background: 0px 0px; font-size: 14px; vertical-align: baseline; text-size-adjust: 100%;\"><span size=\"4\" style=\"box-sizing: border-box; margin: 0px; padding: 0px; border: 0px; outline: 0px; background: 0px 0px; font-size: 14px; vertical-align: baseline; text-size-adjust: 100%;\">\u00a0que se d\u00e9roulent sa scolarit\u00e9 et sa formation professionnelle. Sorti de l\u2019\u00e9cole normale en 1927, il est contraint, quelques mois plus tard, de suspendre sa carri\u00e8re pour un s\u00e9jour en sanatorium qui dure plus de cinq ann\u00e9es. Il reprend ses fonctions \u00e0 Barenton en 1933 puis obtient, deux ann\u00e9es plus tard, sa mutation pour le d\u00e9partement de la Dr\u00f4me o\u00f9 il exercera jusqu\u2019\u00e0 sa retraite en 1961.<\/span><\/span><\/span><\/span><\/span><\/p>\n<p style=\"box-sizing: border-box; margin: 0px; padding: 0px; border: 0px; outline: 0px; background: 0px 0px #ffffff; font-size: 14px; vertical-align: baseline; text-size-adjust: 100%; color: #666666; font-family: 'Open Sans', Arial, sans-serif; font-style: normal; font-variant-ligatures: normal; font-variant-caps: normal; font-weight: 500; letter-spacing: normal; orphans: 2; text-indent: 0px; text-transform: none; white-space: normal; widows: 2; word-spacing: 0px; -webkit-text-stroke-width: 0px; text-decoration-style: initial; text-decoration-color: initial;\" align=\"justify\"><span face=\"Times New Roman, serif\" style=\"box-sizing: border-box; margin: 0px; padding: 0px; border: 0px; outline: 0px; background: 0px 0px; font-size: 14px; vertical-align: baseline; text-size-adjust: 100%;\"><span size=\"3\" style=\"box-sizing: border-box; margin: 0px; padding: 0px; border: 0px; outline: 0px; background: 0px 0px; font-size: 14px; vertical-align: baseline; text-size-adjust: 100%;\"><span color=\"#000000\" style=\"box-sizing: border-box; margin: 0px; padding: 0px; border: 0px; outline: 0px; background: 0px 0px; font-size: 14px; vertical-align: baseline; text-size-adjust: 100%;\"><span face=\"Arial, serif\" style=\"box-sizing: border-box; margin: 0px; padding: 0px; border: 0px; outline: 0px; background: 0px 0px; font-size: 14px; vertical-align: baseline; text-size-adjust: 100%;\"><span size=\"4\" style=\"box-sizing: border-box; margin: 0px; padding: 0px; border: 0px; outline: 0px; background: 0px 0px; font-size: 14px; vertical-align: baseline; text-size-adjust: 100%;\">Paul-Jacques Bonzon se consacre alors totalement \u00e0 l\u2019\u00e9criture jusqu\u2019\u00e0 son d\u00e9c\u00e8s \u00e0 Valence en 1978. Dans son \u0153uvre destin\u00e9e \u00e0 la jeunesse, son d\u00e9partement d\u2019origine prend une place significative avec pas moins de dix publications. La Dr\u00f4me, son d\u00e9partement d\u2019adoption, est \u00e9galement repr\u00e9sent\u00e9 par quelques romans, comme\u00a0<\/span><\/span><\/span><span color=\"#000000\" style=\"box-sizing: border-box; margin: 0px; padding: 0px; border: 0px; outline: 0px; background: 0px 0px; font-size: 14px; vertical-align: baseline; text-size-adjust: 100%;\"><span face=\"Arial, serif\" style=\"box-sizing: border-box; margin: 0px; padding: 0px; border: 0px; outline: 0px; background: 0px 0px; font-size: 14px; vertical-align: baseline; text-size-adjust: 100%;\"><span size=\"4\" style=\"box-sizing: border-box; margin: 0px; padding: 0px; border: 0px; outline: 0px; background: 0px 0px; font-size: 14px; vertical-align: baseline; text-size-adjust: 100%;\">Mon Vercors en feu<\/span><\/span><\/span><span color=\"#000000\" style=\"box-sizing: border-box; margin: 0px; padding: 0px; border: 0px; outline: 0px; background: 0px 0px; font-size: 14px; vertical-align: baseline; text-size-adjust: 100%;\"><span face=\"Arial, serif\" style=\"box-sizing: border-box; margin: 0px; padding: 0px; border: 0px; outline: 0px; background: 0px 0px; font-size: 14px; vertical-align: baseline; text-size-adjust: 100%;\"><span size=\"4\" style=\"box-sizing: border-box; margin: 0px; padding: 0px; border: 0px; outline: 0px; background: 0px 0px; font-size: 14px; vertical-align: baseline; text-size-adjust: 100%;\"><span>\u00a0<\/span>et trois aventures des\u00a0<\/span><\/span><\/span><span color=\"#000000\" style=\"box-sizing: border-box; margin: 0px; padding: 0px; border: 0px; outline: 0px; background: 0px 0px; font-size: 14px; vertical-align: baseline; text-size-adjust: 100%;\"><span face=\"Arial, serif\" style=\"box-sizing: border-box; margin: 0px; padding: 0px; border: 0px; outline: 0px; background: 0px 0px; font-size: 14px; vertical-align: baseline; text-size-adjust: 100%;\"><span size=\"4\" style=\"box-sizing: border-box; margin: 0px; padding: 0px; border: 0px; outline: 0px; background: 0px 0px; font-size: 14px; vertical-align: baseline; text-size-adjust: 100%;\">Six compagnons<\/span><\/span><\/span><span color=\"#000000\" style=\"box-sizing: border-box; margin: 0px; padding: 0px; border: 0px; outline: 0px; background: 0px 0px; font-size: 14px; vertical-align: baseline; text-size-adjust: 100%;\"><span face=\"Arial, serif\" style=\"box-sizing: border-box; margin: 0px; padding: 0px; border: 0px; outline: 0px; background: 0px 0px; font-size: 14px; vertical-align: baseline; text-size-adjust: 100%;\"><span size=\"4\" style=\"box-sizing: border-box; margin: 0px; padding: 0px; border: 0px; outline: 0px; background: 0px 0px; font-size: 14px; vertical-align: baseline; text-size-adjust: 100%;\">. Avec le romancier, les jeunes lecteurs parcourent la France et le monde. En bon p\u00e9dagogue qu\u2019il \u00e9tait, en diversifiant les lieux des intrigues, l\u2019auteur savait que c\u2019est en lisant que les jeunes lecteurs s\u2019instruisent. Il a particip\u00e9 grandement au renouvellement du genre. Fervent adepte de l\u2019esprit coop\u00e9ratif \u00e0 l\u2019\u00e9cole, il a largement contribu\u00e9 au d\u00e9veloppement de la litt\u00e9rature pour la jeunesse dans les ann\u00e9es d\u2019apr\u00e8s-guerre.<span>\u00a0<\/span><\/span><\/span><\/span><\/span><\/span><\/p>\n<p style=\"box-sizing: border-box; margin: 0px; padding: 0px; border: 0px none; outline: currentcolor none 0px; background: #ffffff none repeat scroll 0px 0px; font-size: 14px; vertical-align: baseline; color: #666666; font-family: 'Open Sans', Arial, sans-serif; font-style: normal; font-variant-ligatures: normal; font-variant-caps: normal; font-weight: 500; letter-spacing: normal; text-indent: 0px; text-transform: none; white-space: normal; word-spacing: 0px; -webkit-text-stroke-width: 0px; text-decoration-style: initial; text-decoration-color: initial; text-align: right;\" align=\"justify\"><span face=\"Times New Roman, serif\" style=\"box-sizing: border-box; margin: 0px; padding: 0px; border: 0px; outline: 0px; background: 0px 0px; font-size: 14px; vertical-align: baseline; text-size-adjust: 100%;\"><span size=\"3\" style=\"box-sizing: border-box; margin: 0px; padding: 0px; border: 0px; outline: 0px; background: 0px 0px; font-size: 14px; vertical-align: baseline; text-size-adjust: 100%;\"><span color=\"#000000\" style=\"box-sizing: border-box; margin: 0px; padding: 0px; border: 0px; outline: 0px; background: 0px 0px; font-size: 14px; vertical-align: baseline; text-size-adjust: 100%;\"><span face=\"Arial, serif\" style=\"box-sizing: border-box; margin: 0px; padding: 0px; border: 0px; outline: 0px; background: 0px 0px; font-size: 14px; vertical-align: baseline; text-size-adjust: 100%;\"><span size=\"4\" style=\"box-sizing: border-box; margin: 0px; padding: 0px; border: 0px; outline: 0px; background: 0px 0px; font-size: 14px; vertical-align: baseline; text-size-adjust: 100%;\"><\/span><\/span><\/span><\/span><\/span><\/p>\n<p style=\"box-sizing: border-box; margin: 0px; padding: 0px; border: 0px none; outline: currentcolor none 0px; background: #ffffff none repeat scroll 0px 0px; font-size: 14px; vertical-align: baseline; color: #666666; font-family: 'Open Sans', Arial, sans-serif; font-style: normal; font-variant-ligatures: normal; font-variant-caps: normal; font-weight: 500; letter-spacing: normal; text-indent: 0px; text-transform: none; white-space: normal; word-spacing: 0px; -webkit-text-stroke-width: 0px; text-decoration-style: initial; text-decoration-color: initial; text-align: right;\" align=\"justify\"><span face=\"Times New Roman, serif\" style=\"box-sizing: border-box; margin: 0px; padding: 0px; border: 0px; outline: 0px; background: 0px 0px; font-size: 14px; vertical-align: baseline; text-size-adjust: 100%;\"><span size=\"3\" style=\"box-sizing: border-box; margin: 0px; padding: 0px; border: 0px; outline: 0px; background: 0px 0px; font-size: 14px; vertical-align: baseline; text-size-adjust: 100%;\"><span color=\"#000000\" style=\"box-sizing: border-box; margin: 0px; padding: 0px; border: 0px; outline: 0px; background: 0px 0px; font-size: 14px; vertical-align: baseline; text-size-adjust: 100%;\"><span face=\"Arial, serif\" style=\"box-sizing: border-box; margin: 0px; padding: 0px; border: 0px; outline: 0px; background: 0px 0px; font-size: 14px; vertical-align: baseline; text-size-adjust: 100%;\"><span size=\"4\" style=\"box-sizing: border-box; margin: 0px; padding: 0px; border: 0px; outline: 0px; background: 0px 0px; font-size: 14px; vertical-align: baseline; text-size-adjust: 100%;\"><a href=\"https:\/\/www.amis-pauljacquesbonzon.com\/apjb\/biographie\/\" style=\"box-sizing: border-box; margin: 0px; padding: 0px; border: 0px; outline: 0px; background: 0px 0px; font-size: 14px; vertical-align: baseline; text-size-adjust: 100%; color: #e02b20; text-decoration: none; cursor: pointer !important;\">Sa biographie \u2026<\/a><\/span><\/span><\/span><\/span><\/span><\/p>\n<p>[\/et_pb_text][\/et_pb_column][\/et_pb_row][et_pb_row _builder_version=&#8221;4.16&#8243; custom_padding=&#8221;||2px|||&#8221; global_colors_info=&#8221;{}&#8221;][et_pb_column type=&#8221;4_4&#8243; _builder_version=&#8221;4.16&#8243; global_colors_info=&#8221;{}&#8221;][et_pb_text _builder_version=&#8221;4.16&#8243; min_height=&#8221;25px&#8221; custom_padding=&#8221;1px|||||&#8221; global_colors_info=&#8221;{}&#8221;]<\/p>\n<h2><strong>Les amis de Paul-Jacques Bonzon<\/strong><\/h2>\n<p>[\/et_pb_text][et_pb_divider color=&#8221;#000000&#8243; _builder_version=&#8221;4.16&#8243; min_height=&#8221;10px&#8221; custom_margin=&#8221;-31px|||||&#8221; global_colors_info=&#8221;{}&#8221;][\/et_pb_divider][\/et_pb_column][\/et_pb_row][et_pb_row _builder_version=&#8221;4.16&#8243; custom_margin=&#8221;5px|auto||auto||&#8221; custom_padding=&#8221;0px|||||&#8221; global_colors_info=&#8221;{}&#8221;][et_pb_column type=&#8221;4_4&#8243; _builder_version=&#8221;4.16&#8243; global_colors_info=&#8221;{}&#8221;][et_pb_text _builder_version=&#8221;4.16&#8243; min_height=&#8221;127px&#8221; custom_margin=&#8221;-2px|||||&#8221; global_colors_info=&#8221;{}&#8221;]<\/p>\n<p align=\"justify\"><span face=\"Times New Roman, serif\"><span size=\"3\"><span color=\"#333333\"><span face=\"Arial, serif\"><span size=\"4\">En s&#8217;associant les amis de Paul-Jacques Bonzon se sont fix\u00e9s pour objectifs de faire conna\u00eetre le romancier pour la jeunesse qu&#8217;a \u00e9t\u00e9 Paul-Jacques Bonzon, maintenir et vivifier sa m\u00e9moire et, d&#8217;autre part, sauvegarder, conserver et mettre en valeur le patrimoine que constitue son \u0153uvre dans l&#8217;int\u00e9gralit\u00e9 de ses aspects, atteindre ces objectifs au travers des \u00e9tudes, recherches, \u00e9changes, informations biographiques, port\u00e9es \u00e0 la connaissance du plus grand nombre par tous les moyens actuels de diffusion et de communication. L&#8217;association est ouverte \u00e0 tous ceux qui sont concern\u00e9s et partagent le m\u00eame int\u00e9r\u00eat : amis, lecteurs, chercheurs, collectionneurs, professionnels, passionn\u00e9s, etc. <\/span><\/span><\/span><\/span><\/span><\/p>\n<p style=\"text-align: right;\" align=\"justify\"><span face=\"Times New Roman, serif\"><span size=\"3\"><span color=\"#333333\"><span face=\"Arial, serif\"><span size=\"4\"><a href=\"https:\/\/www.amis-pauljacquesbonzon.com\/apjb\/association\/\">Pour en savoir plus !<\/a><br \/> <\/span><\/span><\/span><\/span><\/span><\/p>\n<p>[\/et_pb_text][\/et_pb_column][\/et_pb_row][et_pb_row column_structure=&#8221;1_2,1_2&#8243; _builder_version=&#8221;4.16&#8243; min_height=&#8221;46px&#8221; global_colors_info=&#8221;{}&#8221;][et_pb_column type=&#8221;1_2&#8243; _builder_version=&#8221;4.16&#8243; global_colors_info=&#8221;{}&#8221;][et_pb_text _builder_version=&#8221;4.16&#8243; global_colors_info=&#8221;{}&#8221;]<\/p>\n<h3><strong>Les articles r\u00e9cents<br \/> <\/strong><\/h3>\n<p>[\/et_pb_text][et_pb_divider color=&#8221;#000000&#8243; _builder_version=&#8221;4.16&#8243; custom_margin=&#8221;-33px|||||&#8221; custom_padding=&#8221;0px|||||&#8221; global_colors_info=&#8221;{}&#8221;][\/et_pb_divider][\/et_pb_column][et_pb_column type=&#8221;1_2&#8243; _builder_version=&#8221;4.16&#8243; global_colors_info=&#8221;{}&#8221;][et_pb_text _builder_version=&#8221;4.16&#8243; global_colors_info=&#8221;{}&#8221;]<\/p>\n<h3><strong>Les rendez-vous<\/strong><\/h3>\n<p>[\/et_pb_text][et_pb_divider color=&#8221;#000000&#8243; _builder_version=&#8221;4.16&#8243; min_height=&#8221;16px&#8221; custom_margin=&#8221;-32px|||||&#8221; custom_padding=&#8221;0px||1px|||&#8221; global_colors_info=&#8221;{}&#8221;][\/et_pb_divider][\/et_pb_column][\/et_pb_row][et_pb_row column_structure=&#8221;1_2,1_2&#8243; _builder_version=&#8221;4.16&#8243; custom_padding=&#8221;0px|||||&#8221; global_colors_info=&#8221;{}&#8221;][et_pb_column type=&#8221;1_2&#8243; _builder_version=&#8221;4.16&#8243; global_colors_info=&#8221;{}&#8221;][et_pb_blog posts_number=&#8221;3&#8243; include_categories=&#8221;all&#8221; meta_date=&#8221;j,M,Y&#8221; _builder_version=&#8221;4.16&#8243; header_level=&#8221;h5&#8243; global_colors_info=&#8221;{}&#8221;][\/et_pb_blog][\/et_pb_column][et_pb_column type=&#8221;1_2&#8243; _builder_version=&#8221;4.16&#8243; global_colors_info=&#8221;{}&#8221;][et_pb_code _builder_version=&#8221;4.16&#8243; global_colors_info=&#8221;{}&#8221;]<script class=\"ai1ec-widget-placeholder\" data-widget=\"ai1ec_agenda_widget\" data-events_seek_type=\"events\"><!-- [et_pb_line_break_holder] -->  (function(){var d=document,s=d.createElement('script'),<!-- [et_pb_line_break_holder] -->  i='ai1ec-script';if(d.getElementById(i))return;s.async=1;<!-- [et_pb_line_break_holder] -->  s.id=i;s.src='\/\/www.amis-pauljacquesbonzon.com\/apjb\/?ai1ec_js_widget';<!-- [et_pb_line_break_holder] -->  d.getElementsByTagName('head')[0].appendChild(s);})();<!-- [et_pb_line_break_holder] --><\/script>[\/et_pb_code][et_pb_text _builder_version=&#8221;4.16&#8243; background_color=&#8221;rgba(123,193,85,0.96)&#8221; custom_margin=&#8221;|||0px|false|false&#8221; custom_padding=&#8221;8px|16px|8px|16px|false|false&#8221; link_option_url=&#8221;<iframe id=%22haWidget%22 allowtransparency=%22true%22 src=%22https:\/\/www.helloasso.com\/associations\/apjb\/formulaires\/2\/widget-bouton%22 style=%22width:100%;height:70px;border:none;%22><\/iframe><\/p>\n<div style=%22width:100%;text-align:center;%22>Propuls\u00e9 par <a href=%22https:\/\/www.helloasso.com%22 rel=%22nofollow%22>HelloAsso<\/a><\/div>\n<p>&#8221; link_option_url_new_window=&#8221;on&#8221; global_colors_info=&#8221;{}&#8221;]<\/p>\n<p style=\"text-align: justify;\"><span style=\"color: #ffffff;\"><strong><span size=\"4\">Ce site est la vitrine des <em>Amis de Paul-Jacques Bonzon<\/em>. Chaque jour plus nombreux \u00e0 le visiter, la satisfaction que vous exprimez nous honore. Nous vous remercions de votre confiance. Cependant, son h\u00e9bergement a un co\u00fbt que les finances de l&#8217;association ne peuvent \u00e0 elles seules supporter. Plus que jamais elle a besoin de votre soutien pour s&#8217;inscrire dans un avenir nouveau. Vos contributions financi\u00e8res participatives\u00a0sont les bienvenues. <\/span><\/strong><\/span><\/p>\n<p style=\"text-align: right;\"><span style=\"color: #ffffff;\"><em><span size=\"4\">Le pr\u00e9sident\u00a0<\/span><\/em><\/span><span style=\"color: #00ffff;\"><strong><span size=\"4\"><br \/> <\/span><\/strong><\/span><\/p>\n<p>[\/et_pb_text][et_pb_code _builder_version=&#8221;4.16&#8243; _module_preset=&#8221;default&#8221; global_colors_info=&#8221;{}&#8221;]<iframe id=\"haWidget\" allowtransparency=\"true\" src=\"https:\/\/www.helloasso.com\/associations\/apjb\/formulaires\/2\/widget-bouton\" style=\"width:100%;height:70px;border:none;\"><\/iframe><\/p>\n<div style=\"width:100%;text-align:center;\">Propuls\u00e9 par <a href=\"https:\/\/www.helloasso.com\" rel=\"nofollow\">HelloAsso<\/a><\/div>\n<p>[\/et_pb_code][et_pb_code _builder_version=&#8221;4.16&#8243; _module_preset=&#8221;default&#8221; global_colors_info=&#8221;{}&#8221;][\/et_pb_code][et_pb_text _builder_version=&#8221;4.16&#8243; global_colors_info=&#8221;{}&#8221;]<\/p>\n<h5 style=\"text-align: justify;\"><span style=\"color: #0000ff;\">Chaque article post\u00e9 appelle commentaires, compl\u00e9ments et suggestions. Le blog n\u2019en sera rendu que plus vivant et plus convivial. \u00a0<span style=\"text-decoration: underline;\"><strong>Merci de votre collaboration<\/strong><\/span> en nous aidant \u00e0 promouvoir le site.<\/span><\/h5>\n<h5 style=\"text-align: right;\"><span style=\"color: #0000ff;\">Le pr\u00e9sident<\/span><\/h5>\n<p><span style=\"color: #0000ff;\"><\/span><\/p>\n<p>[\/et_pb_text][\/et_pb_column][\/et_pb_row][et_pb_row column_structure=&#8221;1_3,1_3,1_3&#8243; _builder_version=&#8221;4.16&#8243; custom_margin=&#8221;|auto|-41px|auto||&#8221; global_colors_info=&#8221;{}&#8221;][et_pb_column type=&#8221;1_3&#8243; _builder_version=&#8221;4.16&#8243; global_colors_info=&#8221;{}&#8221;][et_pb_text _builder_version=&#8221;4.16&#8243; custom_margin=&#8221;||-11px|||&#8221; global_colors_info=&#8221;{}&#8221;]<\/p>\n<h1 class=\"et_pb_contact_main_title et-fb-editable-element et-fb-editable-element__editing\" data-shortcode-id=\"1.8.0.0-1572513736355\" data-quickaccess-id=\"title\" style=\"text-align: center;\" contenteditable=\"true\"><strong>Pour nous contacter<\/strong><\/h1>\n<p>[\/et_pb_text][et_pb_divider color=&#8221;#000000&#8243; _builder_version=&#8221;4.16&#8243; custom_margin=&#8221;4px|||||&#8221; global_colors_info=&#8221;{}&#8221;][\/et_pb_divider][\/et_pb_column][et_pb_column type=&#8221;1_3&#8243; _builder_version=&#8221;4.16&#8243; global_colors_info=&#8221;{}&#8221;][et_pb_text _builder_version=&#8221;4.16&#8243; custom_margin=&#8221;||7px|||&#8221; global_colors_info=&#8221;{}&#8221;]<\/p>\n<h2 style=\"text-align: center;\"><strong>Pour adh\u00e9rer \u00e0 l&#8217;association<\/strong><\/h2>\n<p>[\/et_pb_text][et_pb_divider color=&#8221;#000000&#8243; _builder_version=&#8221;4.16&#8243; custom_margin=&#8221;-7px|||||&#8221; custom_padding=&#8221;||0px|||&#8221; global_colors_info=&#8221;{}&#8221;][\/et_pb_divider][\/et_pb_column][et_pb_column type=&#8221;1_3&#8243; _builder_version=&#8221;4.16&#8243; global_colors_info=&#8221;{}&#8221;][et_pb_text _builder_version=&#8221;4.16&#8243; custom_margin=&#8221;||7px|||&#8221; global_colors_info=&#8221;{}&#8221;]<\/p>\n<h2 style=\"text-align: center;\"><strong>Ouvrage de r\u00e9f\u00e9rence<\/strong><\/h2>\n<p>[\/et_pb_text][et_pb_divider color=&#8221;#000000&#8243; _builder_version=&#8221;4.16&#8243; custom_margin=&#8221;-12px|||||&#8221; custom_padding=&#8221;4px|||||&#8221; global_colors_info=&#8221;{}&#8221;][\/et_pb_divider][\/et_pb_column][\/et_pb_row][et_pb_row column_structure=&#8221;1_3,1_3,1_3&#8243; _builder_version=&#8221;4.16&#8243; global_colors_info=&#8221;{}&#8221;][et_pb_column type=&#8221;1_3&#8243; _builder_version=&#8221;4.16&#8243; global_colors_info=&#8221;{}&#8221;][et_pb_text _builder_version=&#8221;4.16&#8243; _module_preset=&#8221;default&#8221; custom_margin=&#8221;||12px|||&#8221; global_colors_info=&#8221;{}&#8221;]<\/p>\n<h4 style=\"box-sizing: border-box; margin: 0px; padding: 0px 0px 10px; border: 0px; outline: 0px; font-size: 18px; text-size-adjust: 100%; vertical-align: baseline; background: #ffffff; color: #333333; line-height: 1em; font-weight: 500; font-family: 'Shadows Into Light Two', handwriting; font-style: normal; font-variant-ligatures: normal; font-variant-caps: normal; letter-spacing: normal; orphans: 2; text-align: left; text-indent: 0px; text-transform: none; white-space: normal; widows: 2; word-spacing: 0px; -webkit-text-stroke-width: 0px; text-decoration-style: initial; text-decoration-color: initial;\"><strong style=\"box-sizing: border-box; font-weight: bold; margin: 0px; padding: 0px; border: 0px; outline: 0px; font-size: 18px; text-size-adjust: 100%; vertical-align: baseline; background: transparent;\">Vous souhaitez laisser un message aux APJB<\/strong><\/h4>\n<p>[\/et_pb_text][et_pb_button button_url=&#8221;https:\/\/www.amis-pauljacquesbonzon.com\/apjb\/contacts\/&#8221; button_text=&#8221;Acc\u00e9der \u00e0 la page contacts&#8221; button_alignment=&#8221;center&#8221; _builder_version=&#8221;4.16&#8243; _module_preset=&#8221;default&#8221; custom_button=&#8221;on&#8221; button_border_width=&#8221;5px&#8221; button_border_radius=&#8221;14px&#8221; custom_margin=&#8221;||23px|||&#8221; global_colors_info=&#8221;{}&#8221;][\/et_pb_button][et_pb_divider color=&#8221;#000000&#8243; divider_weight=&#8221;2px&#8221; _builder_version=&#8221;4.16&#8243; _module_preset=&#8221;default&#8221; module_alignment=&#8221;center&#8221; custom_margin=&#8221;||11px|||&#8221; global_colors_info=&#8221;{}&#8221;][\/et_pb_divider][et_pb_text _builder_version=&#8221;4.16&#8243; _module_preset=&#8221;default&#8221; custom_margin=&#8221;||15px|||&#8221; global_colors_info=&#8221;{}&#8221;]<\/p>\n<h4><strong>Vous souhaitez acc\u00e9der au Livre d&#8217;or<\/strong><\/h4>\n<p>[\/et_pb_text][et_pb_button button_url=&#8221;https:\/\/www.amis-pauljacquesbonzon.com\/apjb\/livre-dor\/&#8221; button_text=&#8221;Acc\u00e9der au Livre d&#8217;or&#8221; button_alignment=&#8221;center&#8221; _builder_version=&#8221;4.16&#8243; _module_preset=&#8221;default&#8221; custom_button=&#8221;on&#8221; button_text_color=&#8221;#e09900&#8243; button_border_width=&#8221;5px&#8221; button_border_radius=&#8221;12px&#8221; global_colors_info=&#8221;{}&#8221;][\/et_pb_button][\/et_pb_column][et_pb_column type=&#8221;1_3&#8243; _builder_version=&#8221;4.16&#8243; global_colors_info=&#8221;{}&#8221;][et_pb_image src=&#8221;https:\/\/www.amis-pauljacquesbonzon.com\/apjb\/wp-content\/uploads\/2021\/01\/Recto-verso-adherent3.png&#8221; alt=&#8221;Carte adh\u00e9rent&#8221; title_text=&#8221;Recto-verso-adherent3&#8243; _builder_version=&#8221;4.16&#8243; _module_preset=&#8221;default&#8221; global_colors_info=&#8221;{}&#8221;][\/et_pb_image][et_pb_button button_url=&#8221;https:\/\/www.amis-pauljacquesbonzon.com\/apjb\/adhesion\/&#8221; button_text=&#8221;Adh\u00e9rer&#8221; button_alignment=&#8221;right&#8221; _builder_version=&#8221;4.27.5&#8243; _module_preset=&#8221;default&#8221; custom_button=&#8221;on&#8221; button_border_width=&#8221;5px&#8221; button_border_radius=&#8221;12px&#8221; filter_opacity=&#8221;99%&#8221; hover_enabled=&#8221;0&#8243; global_colors_info=&#8221;{}&#8221; sticky_enabled=&#8221;0&#8243;][\/et_pb_button][\/et_pb_column][et_pb_column type=&#8221;1_3&#8243; _builder_version=&#8221;4.16&#8243; global_colors_info=&#8221;{}&#8221;][et_pb_cta title=&#8221;Ouvrage de r\u00e9f\u00e9rence&#8221; button_url=&#8221;@ET-DC@eyJkeW5hbWljIjp0cnVlLCJjb250ZW50IjoicG9zdF9saW5rX3VybF9wYWdlIiwic2V0dGluZ3MiOnsicG9zdF9pZCI6IjI1MyJ9fQ==@&#8221; button_text=&#8221;Pour en savoir plus&#8221; _builder_version=&#8221;4.16&#8243; _dynamic_attributes=&#8221;button_url&#8221; header_font=&#8221;|800|||||||&#8221; header_text_color=&#8221;#ffffff&#8221; header_font_size=&#8221;33px&#8221; header_letter_spacing=&#8221;2px&#8221; background_image=&#8221;https:\/\/www.amis-pauljacquesbonzon.com\/apjb\/wp-content\/uploads\/2019\/10\/Couverture-de-la-Manche-\u00e0-la-Dr\u00f4me.jpg&#8221; custom_button=&#8221;on&#8221; button_text_size=&#8221;17px&#8221; button_text_color=&#8221;#0c71c3&#8243; button_bg_color=&#8221;#ffffff&#8221; button_border_width=&#8221;5px&#8221; button_border_radius=&#8221;14px&#8221; button_icon=&#8221;&#x35;||divi||400&#8243; button_icon_color=&#8221;#0c71c3&#8243; button_alignment=&#8221;right&#8221; button_custom_margin=&#8221;160px||4px|26px|false|false&#8221; z_index=&#8221;1&#8243; width=&#8221;100%&#8221; max_width=&#8221;100%&#8221; min_height=&#8221;328px&#8221; height=&#8221;100px&#8221; max_height=&#8221;670px&#8221; custom_margin=&#8221;-2px||-2px||true|false&#8221; custom_padding=&#8221;0px||101px||false|false&#8221; header_text_shadow_style=&#8221;preset4&#8243; header_text_shadow_color=&#8221;#7cda24&#8243; box_shadow_style=&#8221;preset6&#8243; text_shadow_style=&#8221;preset4&#8243; text_shadow_color=&#8221;#000000&#8243; global_colors_info=&#8221;{}&#8221;][\/et_pb_cta][\/et_pb_column][\/et_pb_row][\/et_pb_section]<\/p>\n","protected":false},"excerpt":{"rendered":"<p>Paul-Jacques BonzonPaul-Jacques Bonzon est un auteur pour la jeunesse particuli\u00e8rement prolixe avec plus d&#8217;une centaine d&#8217;ouvrages \u00e9crits entre 1945 et 1978. Une \u0153uvre cons\u00e9quente et vari\u00e9e, marqu\u00e9e par des s\u00e9ries \u00e0 succ\u00e8s, Les six compagnons, La famille HLM ou Diabolo, le petit chat noir, mais aussi par des ouvrages de lecture suivie qui ont rencontr\u00e9 [&hellip;]<\/p>\n","protected":false},"author":1,"featured_media":0,"parent":0,"menu_order":0,"comment_status":"closed","ping_status":"closed","template":"","meta":{"_et_pb_use_builder":"on","_et_pb_old_content":"","_et_gb_content_width":"","_monsterinsights_skip_tracking":false,"_monsterinsights_sitenote_active":false,"_monsterinsights_sitenote_note":"","_monsterinsights_sitenote_category":0,"footnotes":""},"class_list":["post-44","page","type-page","status-publish","hentry"],"jetpack_sharing_enabled":true,"_links":{"self":[{"href":"https:\/\/www.amis-pauljacquesbonzon.com\/apjb\/wp-json\/wp\/v2\/pages\/44","targetHints":{"allow":["GET"]}}],"collection":[{"href":"https:\/\/www.amis-pauljacquesbonzon.com\/apjb\/wp-json\/wp\/v2\/pages"}],"about":[{"href":"https:\/\/www.amis-pauljacquesbonzon.com\/apjb\/wp-json\/wp\/v2\/types\/page"}],"author":[{"embeddable":true,"href":"https:\/\/www.amis-pauljacquesbonzon.com\/apjb\/wp-json\/wp\/v2\/users\/1"}],"replies":[{"embeddable":true,"href":"https:\/\/www.amis-pauljacquesbonzon.com\/apjb\/wp-json\/wp\/v2\/comments?post=44"}],"version-history":[{"count":130,"href":"https:\/\/www.amis-pauljacquesbonzon.com\/apjb\/wp-json\/wp\/v2\/pages\/44\/revisions"}],"predecessor-version":[{"id":5173,"href":"https:\/\/www.amis-pauljacquesbonzon.com\/apjb\/wp-json\/wp\/v2\/pages\/44\/revisions\/5173"}],"wp:attachment":[{"href":"https:\/\/www.amis-pauljacquesbonzon.com\/apjb\/wp-json\/wp\/v2\/media?parent=44"}],"curies":[{"name":"wp","href":"https:\/\/api.w.org\/{rel}","templated":true}]}}